{"id":10,"date":"2024-01-23T13:15:41","date_gmt":"2024-01-23T12:15:41","guid":{"rendered":"https:\/\/www.sr7.eu\/?page_id=10"},"modified":"2024-03-08T10:13:14","modified_gmt":"2024-03-08T09:13:14","slug":"calidad","status":"publish","type":"page","link":"https:\/\/www.sr7.eu\/en\/la-empresa\/calidad\/","title":{"rendered":"Quality and Environmental Policy"},"content":{"rendered":"<p>[et_pb_section fb_built=\u00bb1&#8243; fullwidth=\u00bbon\u00bb _builder_version=\u00bb4.24.0&#8243; _module_preset=\u00bbdefault\u00bb global_colors_info=\u00bb{}\u00bb][et_pb_fullwidth_post_title meta=\u00bboff\u00bb featured_image=\u00bboff\u00bb admin_label=\u00bbCabecera normal\u00bb _builder_version=\u00bb4.24.0&#8243; _module_preset=\u00bbdefault\u00bb title_font=\u00bbNoway Medium|||on|||||\u00bb title_text_color=\u00bb#FFFFFF\u00bb title_font_size=\u00bb51px\u00bb background_color=\u00bbrgba(0,0,0,0.22)\u00bb background_image=\u00bbhttps:\/\/www.sr7.eu\/wp-content\/uploads\/2024\/02\/AdobeStock_222632957_1250.jpg\u00bb background_blend=\u00bboverlay\u00bb background_enable_pattern_style=\u00bbon\u00bb background_pattern_style=\u00bbdiagonal-stripes-2&#8243; background_pattern_color=\u00bb#0C71C3&#8243; background_pattern_transform=\u00bbflip_horizontal\u00bb background_pattern_blend_mode=\u00bboverlay\u00bb min_height=\u00bb400px\u00bb custom_padding=\u00bb200px||||false|false\u00bb title_font_size_tablet=\u00bb41px\u00bb title_font_size_phone=\u00bb41px\u00bb title_font_size_last_edited=\u00bbon|phone\u00bb global_colors_info=\u00bb{}\u00bb][\/et_pb_fullwidth_post_title][\/et_pb_section][et_pb_section fb_built=\u00bb1&#8243; _builder_version=\u00bb4.24.0&#8243; _module_preset=\u00bbdefault\u00bb global_colors_info=\u00bb{}\u00bb][et_pb_row _builder_version=\u00bb4.24.0&#8243; _module_preset=\u00bbdefault\u00bb custom_padding=\u00bb0px||0px||false|false\u00bb global_colors_info=\u00bb{}\u00bb][et_pb_column type=\u00bb4_4&#8243; _builder_version=\u00bb4.24.0&#8243; _module_preset=\u00bbdefault\u00bb global_colors_info=\u00bb{}\u00bb][et_pb_text _builder_version=\u00bb4.24.2&#8243; _module_preset=\u00bbdefault\u00bb text_font=\u00bb||||||||\u00bb text_text_color=\u00bb#E09900&#8243; custom_margin=\u00bb||||false|false\u00bb hover_enabled=\u00bb0&#8243; global_colors_info=\u00bb{}\u00bb sticky_enabled=\u00bb0&#8243;]<\/p>\n<p>Poli\u0301tica SGCMA | Rev.01 | Esta Pol\u00edtica fue aprobada inicialmente por La Direcci\u00f3n el 1 de marzo de 2010 y modificada por \u00faltima vez el 6 de Noviembre de 2017.<\/p>\n<p>[\/et_pb_text][\/et_pb_column][\/et_pb_row][et_pb_row column_structure=\u00bb1_2,1_2&#8243; _builder_version=\u00bb4.24.0&#8243; _module_preset=\u00bbdefault\u00bb custom_padding=\u00bb27px|||||\u00bb global_colors_info=\u00bb{}\u00bb][et_pb_column type=\u00bb1_2&#8243; _builder_version=\u00bb4.24.0&#8243; _module_preset=\u00bbdefault\u00bb global_colors_info=\u00bb{}\u00bb][et_pb_text _builder_version=\u00bb4.24.0&#8243; _module_preset=\u00bbdefault\u00bb text_font_size=\u00bb16px\u00bb global_colors_info=\u00bb{}\u00bb]<\/p>\n<p>En SR7\u00ae \/ MULTI-INFORMA\u0301TICA PRINCIPADO S.L. disen\u0303amos, desarrollamos e integramos Sistemas de Vigilancia y Seguridad, con soluciones para diferentes sectores de la lndustria, el Medio Ambiente, Defensa, Administraciones Pu\u0301blicas y Privadas, Puertos, Aeropuertos y otras a\u0301reas de diferente i\u0301ndole.<\/p>\n<p>Estamos especializados en el trabajo con ca\u0301maras te\u0301rmicas, asi\u0301 como en el procesado de imagen te\u0301rmica y convencional, radares, sensores de valla y terrestres, comunicaciones, disponemos de nuestra propia Plataforma de Seguridad (bajo la marca SR7\u00ae). que permite integrar nuevos sistemas y productos standard del mercado.<\/p>\n<p>Para mejorar de manera continua nuestros servicios, mantenemos implantado un Sistema de Gestio\u0301n fundamentado sobre los principios de la calidad y nuestros valores corporativos, motor de toda nuestra actividad, y que se rige por esta Poli\u0301tica, basada en los siguientes pilares estrate\u0301gicos:<\/p>\n<ul>\n<li>Asegurar el cumplimiento de todos los requisitos aplicables, asi\u0301 como aquellos que podamos suscribir con todos nuestros grupos de intere\u0301s y, en especial, garantizar la satisfaccio\u0301n de nuestros clientes.<\/li>\n<li>Garantizar un servicio de calidad en todos los niveles apoyado en una gestio\u0301n transparente, una actitud socialmente responsable y resultados de solvencia.<\/li>\n<li>Meiorar de manera continua tanto la calidad de nuestros servicios como la manera en que gestionamos nuestra actividad, siendo cada vez ma\u0301s eficientes.<\/li>\n<\/ul>\n<p>[\/et_pb_text][\/et_pb_column][et_pb_column type=\u00bb1_2&#8243; _builder_version=\u00bb4.24.0&#8243; _module_preset=\u00bbdefault\u00bb global_colors_info=\u00bb{}\u00bb][et_pb_text _builder_version=\u00bb4.24.0&#8243; _module_preset=\u00bbdefault\u00bb text_font_size=\u00bb16px\u00bb global_colors_info=\u00bb{}\u00bb]<\/p>\n<ul>\n<li>Hacer parti\u0301cipes de nuestra visio\u0301n a todos nuestros grupos de intere\u0301s, estableciendo canales de comunicacio\u0301n eficaces, en base a la necesidad de conocimiento de todas las partes interesadas, facilitando la participacio\u0301n y valorando todos los aportes innovadores del personal y de todas las partes interesadas. para asi\u0301 lograr aunar esfuerzos y alcanzar nuestros objetivos y metas, todo ello bajo el principio de trabajo en equipo.<\/li>\n<li>Mejorar nuestra competitividad generando confianza en nuestros clientes.<\/li>\n<li>Aprovechar los avances y los recursos que nos brindan las nuevas tecnologi\u0301as y las TlC, integra\u0301ndolas en nuestra gestio\u0301n y ponie\u0301ndolas a disposicio\u0301n de nuestros grupos de intere\u0301s.<\/li>\n<li>Mejorar continuamente nuestro desempen\u0303o y prevenir la contaminacio\u0301n, especialmente en el uso racional de los recursos naturales, tratando de minimizar su consumo a trave\u0301s de la implantacio\u0301n de buenas pra\u0301cticas ambientales.<\/li>\n<li>Estricto cumplimiento de los requisitos medioambientales de aplicacio\u0301n. Dedicacio\u0301n para mejorar continuamente nuestro desempen\u0303o y prevenir la contaminacio\u0301n, especialmente en el uso racional de los recursos naturales, tratando de minimizar su consumo a trave\u0301s de la implantacio\u0301n de buenas pra\u0301cticas ambientales.<\/li>\n<li>Gestionar, de forma adecuada y respetuosa con el medio ambiente, los residuos generados a consecuencia de nuestra actividad, proyectar en todo momento una imagen de respeto y cuidado al medio ambiente.<\/li>\n<\/ul>\n<p>[\/et_pb_text][\/et_pb_column][\/et_pb_row][\/et_pb_section]<\/p>\n","protected":false},"excerpt":{"rendered":"<p>Poli\u0301tica SGCMA | Rev.01 | Esta Pol\u00edtica fue aprobada inicialmente por La Direcci\u00f3n el 1 de marzo de 2010 y modificada por \u00faltima vez el 6 de Noviembre de 2017.En SR7\u00ae \/ MULTI-INFORMA\u0301TICA PRINCIPADO S.L. disen\u0303amos, desarrollamos e integramos Sistemas de Vigilancia y Seguridad, con soluciones para diferentes sectores de la lndustria, el Medio Ambiente, [&hellip;]<\/p>\n","protected":false},"author":1,"featured_media":0,"parent":128,"menu_order":0,"comment_status":"closed","ping_status":"closed","template":"","meta":{"_et_pb_use_builder":"on","_et_pb_old_content":"","_et_gb_content_width":"","inline_featured_image":false,"footnotes":""},"class_list":["post-10","page","type-page","status-publish","hentry"],"_links":{"self":[{"href":"https:\/\/www.sr7.eu\/en\/wp-json\/wp\/v2\/pages\/10","targetHints":{"allow":["GET"]}}],"collection":[{"href":"https:\/\/www.sr7.eu\/en\/wp-json\/wp\/v2\/pages"}],"about":[{"href":"https:\/\/www.sr7.eu\/en\/wp-json\/wp\/v2\/types\/page"}],"author":[{"embeddable":true,"href":"https:\/\/www.sr7.eu\/en\/wp-json\/wp\/v2\/users\/1"}],"replies":[{"embeddable":true,"href":"https:\/\/www.sr7.eu\/en\/wp-json\/wp\/v2\/comments?post=10"}],"version-history":[{"count":16,"href":"https:\/\/www.sr7.eu\/en\/wp-json\/wp\/v2\/pages\/10\/revisions"}],"predecessor-version":[{"id":2057,"href":"https:\/\/www.sr7.eu\/en\/wp-json\/wp\/v2\/pages\/10\/revisions\/2057"}],"up":[{"embeddable":true,"href":"https:\/\/www.sr7.eu\/en\/wp-json\/wp\/v2\/pages\/128"}],"wp:attachment":[{"href":"https:\/\/www.sr7.eu\/en\/wp-json\/wp\/v2\/media?parent=10"}],"curies":[{"name":"wp","href":"https:\/\/api.w.org\/{rel}","templated":true}]}}